{"id":5304,"date":"2023-05-10T17:56:22","date_gmt":"2023-05-10T17:56:22","guid":{"rendered":"https:\/\/enyevent.com\/destinos\/balearic-islands\/"},"modified":"2024-03-18T21:31:57","modified_gmt":"2024-03-18T21:31:57","slug":"balearic-islands","status":"publish","type":"page","link":"https:\/\/enyevent.com\/es\/destinos\/balearic-islands\/","title":{"rendered":"Balearic Islands"},"content":{"rendered":"<p>[vc_row][vc_column]<style>.ld_spacer_69ef9228857db{height:32px;}<\/style>\n<div class=\"ld-empty-space ld_spacer_69ef9228857db\"><\/div><style><\/style><div class=\"lqd-tabs lqd-tabs-style-8 d-flex flex-wrap ld_tabs_69ef9228a6a3b\" data-tabs-options='{\"trigger\":\"click\"}'>\n\n\t<nav class=\"lqd-tabs-nav-wrap\">\n\t\t<ul class=\"reset-ul lqd-tabs-nav d-flex flex-column \" role=\"tablist\"><li data-controls=\"lqd-1682073809060-587281a8-c4b4\" role=\"presentation\" class=\"ld_tab_section-69ef922885a54 active\"><a class=\"d-flex align-items-center py-1 mb-2\" href=\"#lqd-1682073809060-587281a8-c4b4\" aria-expanded=\"false\" aria-controls=\"lqd-1682073809060-587281a8-c4b4\" role=\"tab\" data-toggle=\"tab\"><span class=\"lqd-tabs-nav-txt\">Islas Baleares<\/span><\/a><\/li><li data-controls=\"lqd-1680778113079-572ae9e5-5561\" role=\"presentation\" class=\"ld_tab_section-69ef9228866f3\"><a class=\"d-flex align-items-center py-1 mb-2\" href=\"#lqd-1680778113079-572ae9e5-5561\" aria-expanded=\"false\" aria-controls=\"lqd-1680778113079-572ae9e5-5561\" role=\"tab\" data-toggle=\"tab\"><span class=\"lqd-tabs-nav-txt\">Recorrido en bicicleta<\/span><\/a><\/li><li data-controls=\"lqd-1682099693389-70fd6c87-9e9a\" role=\"presentation\" class=\"ld_tab_section-69ef922888f44\"><a class=\"d-flex align-items-center py-1 mb-2\" href=\"#lqd-1682099693389-70fd6c87-9e9a\" aria-expanded=\"false\" aria-controls=\"lqd-1682099693389-70fd6c87-9e9a\" role=\"tab\" data-toggle=\"tab\"><span class=\"lqd-tabs-nav-txt\">Gymkhana de la ciudad<\/span><\/a><\/li><li data-controls=\"lqd-1682100880311-e775a2c7-a375\" role=\"presentation\" class=\"ld_tab_section-69ef92288ba67\"><a class=\"d-flex align-items-center py-1 mb-2\" href=\"#lqd-1682100880311-e775a2c7-a375\" aria-expanded=\"false\" aria-controls=\"lqd-1682100880311-e775a2c7-a375\" role=\"tab\" data-toggle=\"tab\"><span class=\"lqd-tabs-nav-txt\">Buceo<\/span><\/a><\/li><li data-controls=\"lqd-1682100543635-94960ecb-75f1\" role=\"presentation\" class=\"ld_tab_section-69ef92288e40f\"><a class=\"d-flex align-items-center py-1 mb-2\" href=\"#lqd-1682100543635-94960ecb-75f1\" aria-expanded=\"false\" aria-controls=\"lqd-1682100543635-94960ecb-75f1\" role=\"tab\" data-toggle=\"tab\"><span class=\"lqd-tabs-nav-txt\">Moverse por Ibiza<\/span><\/a><\/li><li data-controls=\"lqd-1682098856421-82b74996-23ce\" role=\"presentation\" class=\"ld_tab_section-69ef922890ec2\"><a class=\"d-flex align-items-center py-1 mb-2\" href=\"#lqd-1682098856421-82b74996-23ce\" aria-expanded=\"false\" aria-controls=\"lqd-1682098856421-82b74996-23ce\" role=\"tab\" data-toggle=\"tab\"><span class=\"lqd-tabs-nav-txt\">Moverse por Mallorca<\/span><\/a><\/li><li data-controls=\"lqd-1682101131837-cc7a49bc-07e6\" role=\"presentation\" class=\"ld_tab_section-69ef92289711f\"><a class=\"d-flex align-items-center py-1 mb-2\" href=\"#lqd-1682101131837-cc7a49bc-07e6\" aria-expanded=\"false\" aria-controls=\"lqd-1682101131837-cc7a49bc-07e6\" role=\"tab\" data-toggle=\"tab\"><span class=\"lqd-tabs-nav-txt\">Regata de vela<\/span><\/a><\/li><li data-controls=\"lqd-1683740968113-2fb560e2-11d8\" role=\"presentation\" class=\"ld_tab_section-69ef922899abd\"><a class=\"d-flex align-items-center py-1 mb-2\" href=\"#lqd-1683740968113-2fb560e2-11d8\" aria-expanded=\"false\" aria-controls=\"lqd-1683740968113-2fb560e2-11d8\" role=\"tab\" data-toggle=\"tab\"><span class=\"lqd-tabs-nav-txt\">Tour en Segway<\/span><\/a><\/li><li data-controls=\"lqd-1683740953963-463441b7-27ca\" role=\"presentation\" class=\"ld_tab_section-69ef92289c2db\"><a class=\"d-flex align-items-center py-1 mb-2\" href=\"#lqd-1683740953963-463441b7-27ca\" aria-expanded=\"false\" aria-controls=\"lqd-1683740953963-463441b7-27ca\" role=\"tab\" data-toggle=\"tab\"><span class=\"lqd-tabs-nav-txt\">Actividades deportivas<\/span><\/a><\/li><li data-controls=\"lqd-1683740952915-6722374d-5781\" role=\"presentation\" class=\"ld_tab_section-69ef9228a4067\"><a class=\"d-flex align-items-center py-1 mb-2\" href=\"#lqd-1683740952915-6722374d-5781\" aria-expanded=\"false\" aria-controls=\"lqd-1683740952915-6722374d-5781\" role=\"tab\" data-toggle=\"tab\"><span class=\"lqd-tabs-nav-txt\">Rally 4x4 y Quads<\/span><\/a><\/li><\/ul>\t\t \n\t<\/nav>\n\n\t<div class=\"lqd-tabs-content pl-md-6\"><div id=\"lqd-1682073809060-587281a8-c4b4\" role=\"tabpanel\" class=\"lqd-tabs-pane fade active in\"><style>.ld_fancy_heading_69ef922885b67 h5{color:#6ebb1f;}.ld_fancy_heading_69ef922885b67 h5 {font-size:25px; } .ld_fancy_heading_69ef922885b67 h5 {margin-bottom:1em !important;  } .ld_fancy_heading_69ef922885b67 .lqd-highlight-inner{height:0.275em!important;bottom:0px!important;}.ld_fancy_heading_69ef922885b67 h5 {font-size:25px; } .ld_fancy_heading_69ef922885b67 h5 {margin-bottom:1em !important;  } <\/style><div class=\"ld-fancy-heading ld_fancy_heading_69ef922885b67\">\n\t<h5 class=\"ld-fh-element lqd-highlight-underline lqd-highlight-grow-left text-decoration-default\"   >  Islas Baleares<\/h5><\/div><style>.ld_content_box_69ef922885e78 .lqd-fb-bg{background:-webkit-linear-gradient(180deg, rgba(255, 255, 255, 0) 0%, rgba(24, 27, 49, 0.6) 100%);background:linear-gradient(180deg, rgba(255, 255, 255, 0) 0%, rgba(24, 27, 49, 0.6) 100%);}<\/style><div id=\"ld_content_box_69ef922885e78\" class=\"lqd-fb round h-pt-60 lqd-fb-style-6 pos-rel ld_content_box_69ef922885e78\" data-lqd-zindex=\"true\">\n\t<div class=\"lqd-fb-inner lqd-overlay\">\n\t\t\n\t\t<div class=\"lqd-fb-shadow\"><\/div>\n\n\t\t<div class=\"d-flex flex-wrap align-items-center lqd-overlay\" data-hover3d=\"true\">\n\n\t\t\t<div class=\"lqd-fb-content-wrap lqd-overlay flex-column align-items-end transform-style-3d backface-hidden will-change-transform\" data-stacking-factor=\"0.5\">\n\n\t\t\t\t<div class=\"lqd-fb-img lqd-overlay rount backface-hidden\">\n\t\t\t\t\t<figure class=\"w-100\" data-responsive-bg=\"true\">\n\t\t\t\t\t\t<img decoding=\"async\" width=\"700\" height=\"300\" src=\"https:\/\/enyevent.com\/wp-content\/uploads\/2023\/05\/Enyevent_balearic.jpeg\" class=\"w-100 invisible\" alt=\"\" srcset=\"https:\/\/enyevent.com\/wp-content\/uploads\/2023\/05\/Enyevent_balearic.jpeg 700w, https:\/\/enyevent.com\/wp-content\/uploads\/2023\/05\/Enyevent_balearic-300x129.jpeg 300w\" sizes=\"(max-width: 700px) 100vw, 700px\" itemprop=\"image\" \/>\t\t\t\t\t<\/figure>\n\t\t\t\t\t<div class=\"lqd-fb-bg lqd-overlay\"><\/div>\n\t\t\t\t\t<div class=\"lqd-fb-hover-overlay lqd-overlay\"><\/div>\n\t\t\t\t<\/div>\n\n\t\t\t\t<div class=\"lqd-fb-content pos-abs pos-bl w-100 p-4 py-lg-7 px-lg-8 backface-hidden\">\n\n\t\t\t\t\t<span class=\"lqd-fb-icon d-flex mb-5\">\n\t\t\t\t\t\t<i class=\"fas fa-umbrella-beach\"><\/i>\t\t\t\t\t<\/span>\n\n\t\t\t\t\t\t\t\t\t\t<h6 class=\"my-0 mb-3 font-weight-bold text-uppercase ltr-sp-2\">Actividades en Baleares<\/h6>\n\t\t\t\t\t\t\t\t\t\t\n\t\t\t\t\t\t\t\t\t\t<h2 class=\"lqd-fb-content-title my-0 mb-3 font-weight-bold\">Islas Baleares<\/h2>\n\t\t\t\t\t\t\t\t\t\t\n\t\t\t\t\t\n\t\t\t\t<\/div>\n\n\t\t\t\t\n\t\t\t<\/div>\n\n\t\t<\/div>\n\n\t<\/div>\n<\/div><style>.ld_spacer_69ef922886219{height:30px;}@media (min-width: 992px) { .ld_spacer_69ef922886219{height:45px};}<\/style>\n<div class=\"ld-empty-space ld_spacer_69ef922886219\"><\/div><style>.ld_fancy_heading_69ef922886385 h6 {margin-bottom:1.5em !important;  } .ld_fancy_heading_69ef922886385 .lqd-highlight-inner{height:0.275em!important;bottom:0px!important;}.ld_fancy_heading_69ef922886385 h6 {margin-bottom:1.5em !important;  } <\/style><div class=\"ld-fancy-heading ld_fancy_heading_69ef922886385\">\n\t<h6 class=\"ld-fh-element lqd-highlight-underline lqd-highlight-grow-left text-decoration-default\"   >  <strong>Las cuatro Islas Baleares; Mallorca, Ibiza, Formentera y Menorca, son las verdaderas perlas del mar Mediterr\u00e1neo, rebosantes de belleza natural con aguas turquesas, calas id\u00edlicas y monta\u00f1as espectaculares. Largos d\u00edas de sol y la riqueza de actividades recreativas disponibles complementan la belleza natural para hacer de las Islas Baleares un destino ideal para un evento de negocios o viaje de incentivos.<\/strong><\/h6><\/div><style>.ld_fancy_heading_69ef922886570 p {margin-bottom:1.5em !important;  } .ld_fancy_heading_69ef922886570 .lqd-highlight-inner{height:0.275em!important;bottom:0px!important;}.ld_fancy_heading_69ef922886570 p {margin-bottom:1.5em !important;  } <\/style><div class=\"ld-fancy-heading ld_fancy_heading_69ef922886570\">\n\t<p class=\"ld-fh-element lqd-highlight-underline lqd-highlight-grow-left text-decoration-default\"   >  Las islas son claramente diferentes a la Espa\u00f1a peninsular y tienen un ambiente mucho m\u00e1s relajado, y mientras que todas las islas tienen hermosas playas y paisajes impresionantes cada isla tiene su propio sabor y atractivo. Mallorca, la mayor de las islas es el hogar de las monta\u00f1as de Tramatuna, un hermoso entorno para practicar senderismo, escalada y ciclismo . Palma, la capital de Mallorca, es la mayor de las ciudades baleares y tiene una impresionante catedral g\u00f3tica y bulevares bordeados de palmeras con excelentes tiendas. Ibiza es una isla sofisticada con lujosos puertos y una pr\u00f3spera escena de clubes internacionales que contrasta m\u00e1gicamente con su arquitectura tradicional espa\u00f1ola y su exuberante campo interior. Menorca es m\u00e1s discreta que sus vecinos m\u00e1s grandes y tiene algunas hermosas costas sin desarrollar, pintorescos puertos y ruinas prehist\u00f3ricas, as\u00ed como m\u00e1s playas que Mallorca e Ibiza juntas. Formentora, la isla m\u00e1s peque\u00f1a de las islas, a tan solo 20km de este a oeste ofrece algunas de las mejores playas de todo el Mediterr\u00e1neo, as\u00ed como encantadores pueblos blancos y un terreno maravillosamente accidentado.<\/p>\n<p>Todas las Islas Baleares son un para\u00edso para las actividades acu\u00e1ticas y las regatas de vela, cruceros en barco, jet ski y buceo son algunas de las muchas actividades que son ideales para disfrutar de las hermosas costas de estas islas mediterr\u00e1neas. En tierra se puede jugar al golf en uno de los numerosos campos esc\u00e9nicos, o disfrutar de los sabores del mar en un taller de paella. Una vez finalizadas las actividades, reserve un restaurante privado en la playa y disfrute de un c\u00f3ctel viendo la puesta de sol antes de probar la cocina balear.<\/p>\n<p>Las Islas Baleares est\u00e1n en una ubicaci\u00f3n privilegiada, con vuelos desde la mayor\u00eda de las principales ciudades europeas que tardan alrededor de 2 horas. Todas las islas son relativamente peque\u00f1as que permiten el transporte por tierra o por mar alrededor de los diferentes lugares muy conveniente y manejable.<\/p>\n<p>Belleza natural con todas las instalaciones modernas imaginables y un clima encantador, d\u00e9jese seducir por las Islas Baleares en un viaje de negocios o de incentivos para recordar.<\/p><\/div><\/div><div id=\"lqd-1680778113079-572ae9e5-5561\" role=\"tabpanel\" class=\"lqd-tabs-pane fade\"><style>.ld_fancy_heading_69ef9228867c6 h5{color:#6ebb1f;}.ld_fancy_heading_69ef9228867c6 h5 {font-size:25px; } .ld_fancy_heading_69ef9228867c6 h5 {margin-bottom:1em !important;  } .ld_fancy_heading_69ef9228867c6 .lqd-highlight-inner{height:0.275em!important;bottom:0px!important;}.ld_fancy_heading_69ef9228867c6 h5 {font-size:25px; } .ld_fancy_heading_69ef9228867c6 h5 {margin-bottom:1em !important;  } <\/style><div class=\"ld-fancy-heading ld_fancy_heading_69ef9228867c6\">\n\t<h5 class=\"ld-fh-element lqd-highlight-underline lqd-highlight-grow-left text-decoration-default\"   >  Recorrido en bicicleta<\/h5><\/div><style>.ld_content_box_69ef92288698b .lqd-fb-bg{background:-webkit-linear-gradient(180deg, rgba(255, 255, 255, 0) 0%, rgba(24, 27, 49, 0.6) 100%);background:linear-gradient(180deg, rgba(255, 255, 255, 0) 0%, rgba(24, 27, 49, 0.6) 100%);}<\/style><div id=\"ld_content_box_69ef92288698b\" class=\"lqd-fb round h-pt-60 lqd-fb-style-6 pos-rel ld_content_box_69ef92288698b\" data-lqd-zindex=\"true\">\n\t<div class=\"lqd-fb-inner lqd-overlay\">\n\t\t\n\t\t<div class=\"lqd-fb-shadow\"><\/div>\n\n\t\t<div class=\"d-flex flex-wrap align-items-center lqd-overlay\" data-hover3d=\"true\">\n\n\t\t\t<div class=\"lqd-fb-content-wrap lqd-overlay flex-column align-items-end transform-style-3d backface-hidden will-change-transform\" data-stacking-factor=\"0.5\">\n\n\t\t\t\t<div class=\"lqd-fb-img lqd-overlay rount backface-hidden\">\n\t\t\t\t\t<figure class=\"w-100\" data-responsive-bg=\"true\">\n\t\t\t\t\t\t<img decoding=\"async\" width=\"700\" height=\"300\" src=\"data:image\/svg+xml;charset=utf-8,%3Csvg xmlns%3D&#039;http%3A%2F%2Fwww.w3.org%2F2000%2Fsvg&#039; viewBox%3D&#039;0 0 700 300&#039;%2F%3E\" class=\"w-100 invisible ld-lazyload\" alt=\"\" itemprop=\"image\" data-src=\"https:\/\/enyevent.com\/wp-content\/uploads\/2023\/05\/on-two-wheels.jpeg\" data-srcset=\"https:\/\/enyevent.com\/wp-content\/uploads\/2023\/05\/on-two-wheels.jpeg 700w, https:\/\/enyevent.com\/wp-content\/uploads\/2023\/05\/on-two-wheels-300x129.jpeg 300w\" data-sizes=\"(max-width: 700px) 100vw, 700px\" data-aspect=\"2.3333333333333\" \/>\t\t\t\t\t<\/figure>\n\t\t\t\t\t<div class=\"lqd-fb-bg lqd-overlay\"><\/div>\n\t\t\t\t\t<div class=\"lqd-fb-hover-overlay lqd-overlay\"><\/div>\n\t\t\t\t<\/div>\n\n\t\t\t\t<div class=\"lqd-fb-content pos-abs pos-bl w-100 p-4 py-lg-7 px-lg-8 backface-hidden\">\n\n\t\t\t\t\t<span class=\"lqd-fb-icon d-flex mb-5\">\n\t\t\t\t\t\t<i class=\"fas fa-bicycle\"><\/i>\t\t\t\t\t<\/span>\n\n\t\t\t\t\t\t\t\t\t\t<h6 class=\"my-0 mb-3 font-weight-bold text-uppercase ltr-sp-2\">Actividades en Islas Baleares<\/h6>\n\t\t\t\t\t\t\t\t\t\t\n\t\t\t\t\t\t\t\t\t\t<h2 class=\"lqd-fb-content-title my-0 mb-3 font-weight-bold\">Recorrido en bicicleta<\/h2>\n\t\t\t\t\t\t\t\t\t\t\n\t\t\t\t\t\n\t\t\t\t<\/div>\n\n\t\t\t\t\n\t\t\t<\/div>\n\n\t\t<\/div>\n\n\t<\/div>\n<\/div><style>.ld_spacer_69ef922888980{height:30px;}@media (min-width: 992px) { .ld_spacer_69ef922888980{height:45px};}<\/style>\n<div class=\"ld-empty-space ld_spacer_69ef922888980\"><\/div><style>.ld_fancy_heading_69ef922888b1b h6 {margin-bottom:1.5em !important;  } .ld_fancy_heading_69ef922888b1b .lqd-highlight-inner{height:0.275em!important;bottom:0px!important;}.ld_fancy_heading_69ef922888b1b h6 {margin-bottom:1.5em !important;  } <\/style><div class=\"ld-fancy-heading ld_fancy_heading_69ef922888b1b\">\n\t<h6 class=\"ld-fh-element lqd-highlight-underline lqd-highlight-grow-left text-decoration-default\"   >  <\/p>\n<div id=\"intro\">\n<p><strong>Descubre las maravillas de la isla de Mallorca sintiendo la adrenalina que se siente al pedalear junto a tus compa\u00f1eros de equipo en una ruta ciclista especialmente dise\u00f1ada.<\/strong><\/p>\n<\/div>\n<p><\/h6><\/div><style>.ld_fancy_heading_69ef922888d7b p {margin-bottom:1.5em !important;  } .ld_fancy_heading_69ef922888d7b .lqd-highlight-inner{height:0.275em!important;bottom:0px!important;}.ld_fancy_heading_69ef922888d7b p {margin-bottom:1.5em !important;  } <\/style><div class=\"ld-fancy-heading ld_fancy_heading_69ef922888d7b\">\n\t<p class=\"ld-fh-element lqd-highlight-underline lqd-highlight-grow-left text-decoration-default\"   >  Los tours en bicicleta tambi\u00e9n pueden incorporar algo de tiempo para relajarse, con oportunidades para disfrutar del magn\u00edfico entorno, as\u00ed como la opci\u00f3n de explorar lugares de inter\u00e9s en el camino.<\/p>\n<p>La geograf\u00eda inusual y fascinante de Mallorca, con una combinaci\u00f3n de monta\u00f1as y llanuras y hermosas playas con una superficie de 3640 km2, permiten al turista ir en bicicleta en todas sus formas y en todos los niveles: desde rutas de aventura por la Sierra de la Tramontana hasta paseos cortos que incluyen una visita a algunos pueblos.<\/p>\n<p>El clima en Mallorca, genuinamente mediterr\u00e1neo, se caracteriza por temperaturas suaves durante todo el a\u00f1o y solo una lluvia moderada durante todo el a\u00f1o.<\/p>\n<p>Adem\u00e1s del ciclismo, puede disfrutar de una copa en la plaza principal de S\u00f3ller; caminar por las estrechas calles de Fornalutx; moverse por los campos de olivos y almendros; darse un ba\u00f1o en Cala Deia; y visitar los hermosos pueblos de Deia y Valdemossa o almorzar en el moderno Puerto Andratx.<\/p>\n<p>Enyevent DMC ofrece una amplia selecci\u00f3n de rutas ciclistas para descubrir el espectacular entorno de las islas en funci\u00f3n del estado f\u00edsico y la energ\u00eda de los participantes. Estas excursiones le dan la oportunidad de acercarse a los lugares reales y la gente local, siempre acompa\u00f1ado de un gu\u00eda experimentado.<\/p>\n<p>La misma experiencia ciclista se puede organizar en otras Islas Baleares como Menorca, Ibiza y Formentera.<\/p><\/div><\/div><div id=\"lqd-1682099693389-70fd6c87-9e9a\" role=\"tabpanel\" class=\"lqd-tabs-pane fade\"><style>.ld_fancy_heading_69ef922889019 h5{color:#6ebb1f;}.ld_fancy_heading_69ef922889019 h5 {font-size:25px; } .ld_fancy_heading_69ef922889019 h5 {margin-bottom:1em !important;  } .ld_fancy_heading_69ef922889019 .lqd-highlight-inner{height:0.275em!important;bottom:0px!important;}.ld_fancy_heading_69ef922889019 h5 {font-size:25px; } .ld_fancy_heading_69ef922889019 h5 {margin-bottom:1em !important;  } <\/style><div class=\"ld-fancy-heading ld_fancy_heading_69ef922889019\">\n\t<h5 class=\"ld-fh-element lqd-highlight-underline lqd-highlight-grow-left text-decoration-default\"   >  Gymkhana de la ciudad<\/h5><\/div><style>.ld_content_box_69ef9228891f4 .lqd-fb-bg{background:-webkit-linear-gradient(180deg, rgba(255, 255, 255, 0) 0%, rgba(24, 27, 49, 0.6) 100%);background:linear-gradient(180deg, rgba(255, 255, 255, 0) 0%, rgba(24, 27, 49, 0.6) 100%);}<\/style><div id=\"ld_content_box_69ef9228891f4\" class=\"lqd-fb round h-pt-60 lqd-fb-style-6 pos-rel ld_content_box_69ef9228891f4\" data-lqd-zindex=\"true\">\n\t<div class=\"lqd-fb-inner lqd-overlay\">\n\t\t\n\t\t<div class=\"lqd-fb-shadow\"><\/div>\n\n\t\t<div class=\"d-flex flex-wrap align-items-center lqd-overlay\" data-hover3d=\"true\">\n\n\t\t\t<div class=\"lqd-fb-content-wrap lqd-overlay flex-column align-items-end transform-style-3d backface-hidden will-change-transform\" data-stacking-factor=\"0.5\">\n\n\t\t\t\t<div class=\"lqd-fb-img lqd-overlay rount backface-hidden\">\n\t\t\t\t\t<figure class=\"w-100\" data-responsive-bg=\"true\">\n\t\t\t\t\t\t<img decoding=\"async\" width=\"700\" height=\"300\" src=\"data:image\/svg+xml;charset=utf-8,%3Csvg xmlns%3D&#039;http%3A%2F%2Fwww.w3.org%2F2000%2Fsvg&#039; viewBox%3D&#039;0 0 700 300&#039;%2F%3E\" class=\"w-100 invisible ld-lazyload\" alt=\"\" itemprop=\"image\" data-src=\"https:\/\/enyevent.com\/wp-content\/uploads\/2023\/05\/Enyevent_balearic_citygames.jpeg\" data-srcset=\"https:\/\/enyevent.com\/wp-content\/uploads\/2023\/05\/Enyevent_balearic_citygames.jpeg 700w, https:\/\/enyevent.com\/wp-content\/uploads\/2023\/05\/Enyevent_balearic_citygames-300x129.jpeg 300w\" data-sizes=\"(max-width: 700px) 100vw, 700px\" data-aspect=\"2.3333333333333\" \/>\t\t\t\t\t<\/figure>\n\t\t\t\t\t<div class=\"lqd-fb-bg lqd-overlay\"><\/div>\n\t\t\t\t\t<div class=\"lqd-fb-hover-overlay lqd-overlay\"><\/div>\n\t\t\t\t<\/div>\n\n\t\t\t\t<div class=\"lqd-fb-content pos-abs pos-bl w-100 p-4 py-lg-7 px-lg-8 backface-hidden\">\n\n\t\t\t\t\t<span class=\"lqd-fb-icon d-flex mb-5\">\n\t\t\t\t\t\t<i class=\"fas fa-volleyball-ball\"><\/i>\t\t\t\t\t<\/span>\n\n\t\t\t\t\t\t\t\t\t\t<h6 class=\"my-0 mb-3 font-weight-bold text-uppercase ltr-sp-2\">Actividades en Baleares<\/h6>\n\t\t\t\t\t\t\t\t\t\t\n\t\t\t\t\t\t\t\t\t\t<h2 class=\"lqd-fb-content-title my-0 mb-3 font-weight-bold\">Gymkhana de la ciudad<\/h2>\n\t\t\t\t\t\t\t\t\t\t\n\t\t\t\t\t\n\t\t\t\t<\/div>\n\n\t\t\t\t\n\t\t\t<\/div>\n\n\t\t<\/div>\n\n\t<\/div>\n<\/div><style>.ld_spacer_69ef92288b4c9{height:30px;}@media (min-width: 992px) { .ld_spacer_69ef92288b4c9{height:45px};}<\/style>\n<div class=\"ld-empty-space ld_spacer_69ef92288b4c9\"><\/div><style>.ld_fancy_heading_69ef92288b6a0 h6 {margin-bottom:1.5em !important;  } .ld_fancy_heading_69ef92288b6a0 .lqd-highlight-inner{height:0.275em!important;bottom:0px!important;}.ld_fancy_heading_69ef92288b6a0 h6 {margin-bottom:1.5em !important;  } <\/style><div class=\"ld-fancy-heading ld_fancy_heading_69ef92288b6a0\">\n\t<h6 class=\"ld-fh-element lqd-highlight-underline lqd-highlight-grow-left text-decoration-default\"   >  <strong>En las encantadoras calles de las ciudades de Mallorca, Menorca, Ibiza, Palma y Formentora, llenas de gente, o en sus hermosas playas de arena con maravillosas vistas al mar, un City Game o una City Gymkhana podr\u00eda ser la actividad ideal para fomentar una competici\u00f3n amistosa, adem\u00e1s de ser una forma alternativa de explorar estas ciudades y sus lugares de inter\u00e9s, al tiempo que se incorpora un poco de diversi\u00f3n y juegos en el camino.<\/strong><\/h6><\/div><style>.ld_fancy_heading_69ef92288b8b3 p {margin-bottom:1.5em !important;  } .ld_fancy_heading_69ef92288b8b3 .lqd-highlight-inner{height:0.275em!important;bottom:0px!important;}.ld_fancy_heading_69ef92288b8b3 p {margin-bottom:1.5em !important;  } <\/style><div class=\"ld-fancy-heading ld_fancy_heading_69ef92288b8b3\">\n\t<p class=\"ld-fh-element lqd-highlight-underline lqd-highlight-grow-left text-decoration-default\"   >  Los \u00e1nimos se caldear\u00e1n y las actitudes competitivas se elevar\u00e1n a medida que avance el desaf\u00edo, y las tensiones aumentar\u00e1n a medida que los miembros del equipo trabajen juntos contrarreloj, compitiendo para superar la puntuaci\u00f3n de los dem\u00e1s equipos.<\/p>\n<p>Los juegos, muy bien dise\u00f1ados, presentan una selecci\u00f3n de rompecabezas, pruebas y actividades en torno a estas ciudades y garantizan la participaci\u00f3n de todos los miembros del equipo.<\/p>\n<p>La sensaci\u00f3n de logro conseguida tras completar cada secci\u00f3n espolear\u00e1 y motivar\u00e1 a los miembros del equipo para la siguiente, antes de que el juego termine y el equipo con mayor puntuaci\u00f3n sea anunciado como ganador.<\/p>\n<p>Si busca emoci\u00f3n y la oportunidad de participar en una actividad de grupo divertida y desafiante en un lugar magn\u00edfico, este tipo de evento puede ser ideal para su viaje de negocios o de incentivos.<\/p><\/div><\/div><div id=\"lqd-1682100880311-e775a2c7-a375\" role=\"tabpanel\" class=\"lqd-tabs-pane fade\"><style>.ld_fancy_heading_69ef92288bb44 h5{color:#6ebb1f;}.ld_fancy_heading_69ef92288bb44 h5 {font-size:25px; } .ld_fancy_heading_69ef92288bb44 h5 {margin-bottom:1em !important;  } .ld_fancy_heading_69ef92288bb44 .lqd-highlight-inner{height:0.275em!important;bottom:0px!important;}.ld_fancy_heading_69ef92288bb44 h5 {font-size:25px; } .ld_fancy_heading_69ef92288bb44 h5 {margin-bottom:1em !important;  } <\/style><div class=\"ld-fancy-heading ld_fancy_heading_69ef92288bb44\">\n\t<h5 class=\"ld-fh-element lqd-highlight-underline lqd-highlight-grow-left text-decoration-default\"   >  Buceo<\/h5><\/div><style>.ld_content_box_69ef92288bd1f .lqd-fb-bg{background:-webkit-linear-gradient(180deg, rgba(255, 255, 255, 0) 0%, rgba(24, 27, 49, 0.6) 100%);background:linear-gradient(180deg, rgba(255, 255, 255, 0) 0%, rgba(24, 27, 49, 0.6) 100%);}<\/style><div id=\"ld_content_box_69ef92288bd1f\" class=\"lqd-fb round h-pt-60 lqd-fb-style-6 pos-rel ld_content_box_69ef92288bd1f\" data-lqd-zindex=\"true\">\n\t<div class=\"lqd-fb-inner lqd-overlay\">\n\t\t\n\t\t<div class=\"lqd-fb-shadow\"><\/div>\n\n\t\t<div class=\"d-flex flex-wrap align-items-center lqd-overlay\" data-hover3d=\"true\">\n\n\t\t\t<div class=\"lqd-fb-content-wrap lqd-overlay flex-column align-items-end transform-style-3d backface-hidden will-change-transform\" data-stacking-factor=\"0.5\">\n\n\t\t\t\t<div class=\"lqd-fb-img lqd-overlay rount backface-hidden\">\n\t\t\t\t\t<figure class=\"w-100\" data-responsive-bg=\"true\">\n\t\t\t\t\t\t<img decoding=\"async\" width=\"700\" height=\"300\" src=\"data:image\/svg+xml;charset=utf-8,%3Csvg xmlns%3D&#039;http%3A%2F%2Fwww.w3.org%2F2000%2Fsvg&#039; viewBox%3D&#039;0 0 700 300&#039;%2F%3E\" class=\"w-100 invisible ld-lazyload\" alt=\"\" itemprop=\"image\" data-src=\"https:\/\/enyevent.com\/wp-content\/uploads\/2023\/05\/Enyevent_diving.jpeg\" data-srcset=\"https:\/\/enyevent.com\/wp-content\/uploads\/2023\/05\/Enyevent_diving.jpeg 700w, https:\/\/enyevent.com\/wp-content\/uploads\/2023\/05\/Enyevent_diving-300x129.jpeg 300w\" data-sizes=\"(max-width: 700px) 100vw, 700px\" data-aspect=\"2.3333333333333\" \/>\t\t\t\t\t<\/figure>\n\t\t\t\t\t<div class=\"lqd-fb-bg lqd-overlay\"><\/div>\n\t\t\t\t\t<div class=\"lqd-fb-hover-overlay lqd-overlay\"><\/div>\n\t\t\t\t<\/div>\n\n\t\t\t\t<div class=\"lqd-fb-content pos-abs pos-bl w-100 p-4 py-lg-7 px-lg-8 backface-hidden\">\n\n\t\t\t\t\t<span class=\"lqd-fb-icon d-flex mb-5\">\n\t\t\t\t\t\t<i class=\"fas fa-swimmer\"><\/i>\t\t\t\t\t<\/span>\n\n\t\t\t\t\t\t\t\t\t\t<h6 class=\"my-0 mb-3 font-weight-bold text-uppercase ltr-sp-2\">Actividades en Baleares<\/h6>\n\t\t\t\t\t\t\t\t\t\t\n\t\t\t\t\t\t\t\t\t\t<h2 class=\"lqd-fb-content-title my-0 mb-3 font-weight-bold\">Buceo<\/h2>\n\t\t\t\t\t\t\t\t\t\t\n\t\t\t\t\t\n\t\t\t\t<\/div>\n\n\t\t\t\t\n\t\t\t<\/div>\n\n\t\t<\/div>\n\n\t<\/div>\n<\/div><style>.ld_spacer_69ef92288de6f{height:30px;}@media (min-width: 992px) { .ld_spacer_69ef92288de6f{height:45px};}<\/style>\n<div class=\"ld-empty-space ld_spacer_69ef92288de6f\"><\/div><style>.ld_fancy_heading_69ef92288e00b h6 {margin-bottom:1.5em !important;  } .ld_fancy_heading_69ef92288e00b .lqd-highlight-inner{height:0.275em!important;bottom:0px!important;}.ld_fancy_heading_69ef92288e00b h6 {margin-bottom:1.5em !important;  } <\/style><div class=\"ld-fancy-heading ld_fancy_heading_69ef92288e00b\">\n\t<h6 class=\"ld-fh-element lqd-highlight-underline lqd-highlight-grow-left text-decoration-default\"   >  <\/p>\n<div id=\"intro\">\n<div id=\"intro\">\n<p><strong>Desde hace d\u00e9cadas, las Islas Baleares figuran entre los lugares preferidos por los amantes del submarinismo. Han acogido varios eventos internacionales de fotograf\u00eda submarina.<\/strong><\/p>\n<\/div>\n<\/div>\n<p><\/h6><\/div><style>.ld_fancy_heading_69ef92288e271 p {margin-bottom:1.5em !important;  } .ld_fancy_heading_69ef92288e271 .lqd-highlight-inner{height:0.275em!important;bottom:0px!important;}.ld_fancy_heading_69ef92288e271 p {margin-bottom:1.5em !important;  } <\/style><div class=\"ld-fancy-heading ld_fancy_heading_69ef92288e271\">\n\t<p class=\"ld-fh-element lqd-highlight-underline lqd-highlight-grow-left text-decoration-default\"   >  De abril a noviembre es el momento perfecto para simplemente disfrutar del espectacular paisaje submarino: el clima templado y las aguas c\u00e1lidas y cristalinas permiten la visibilidad de hasta 30 metros de profundidad.<\/p>\n<p>Cuevas, grietas y arrecifes de coral son parte del paisaje del extraordinario fondo marino de estas islas.<\/p>\n<p>Con su gran n\u00famero de escuelas y centros especializados en las Islas Baleares, le ayudaremos a organizar excursiones y alquilar el equipo necesario para un d\u00eda en el agua y bajo el agua!<\/p>\n<p>Durante los meses de verano, tambi\u00e9n tendr\u00e1 la oportunidad de practicar buceo por la noche. La amplia gama de posibilidades se extiende a sesiones especiales para principiantes, para los m\u00e1s experimentados, incluso incluyendo lecciones de rescate y biolog\u00eda.<\/p>\n<p>Una experiencia inolvidable en Mallorca o Menorca.<\/p><\/div><\/div><div id=\"lqd-1682100543635-94960ecb-75f1\" role=\"tabpanel\" class=\"lqd-tabs-pane fade\"><style>.ld_fancy_heading_69ef92288e4e3 h5{color:#6ebb1f;}.ld_fancy_heading_69ef92288e4e3 h5 {font-size:25px; } .ld_fancy_heading_69ef92288e4e3 h5 {margin-bottom:1em !important;  } .ld_fancy_heading_69ef92288e4e3 .lqd-highlight-inner{height:0.275em!important;bottom:0px!important;}.ld_fancy_heading_69ef92288e4e3 h5 {font-size:25px; } .ld_fancy_heading_69ef92288e4e3 h5 {margin-bottom:1em !important;  } <\/style><div class=\"ld-fancy-heading ld_fancy_heading_69ef92288e4e3\">\n\t<h5 class=\"ld-fh-element lqd-highlight-underline lqd-highlight-grow-left text-decoration-default\"   >  Moverse por Ibiza<\/h5><\/div><style>.ld_content_box_69ef92288e6e4 .lqd-fb-bg{background:-webkit-linear-gradient(180deg, rgba(255, 255, 255, 0) 0%, rgba(24, 27, 49, 0.6) 100%);background:linear-gradient(180deg, rgba(255, 255, 255, 0) 0%, rgba(24, 27, 49, 0.6) 100%);}<\/style><div id=\"ld_content_box_69ef92288e6e4\" class=\"lqd-fb round h-pt-60 lqd-fb-style-6 pos-rel ld_content_box_69ef92288e6e4\" data-lqd-zindex=\"true\">\n\t<div class=\"lqd-fb-inner lqd-overlay\">\n\t\t\n\t\t<div class=\"lqd-fb-shadow\"><\/div>\n\n\t\t<div class=\"d-flex flex-wrap align-items-center lqd-overlay\" data-hover3d=\"true\">\n\n\t\t\t<div class=\"lqd-fb-content-wrap lqd-overlay flex-column align-items-end transform-style-3d backface-hidden will-change-transform\" data-stacking-factor=\"0.5\">\n\n\t\t\t\t<div class=\"lqd-fb-img lqd-overlay rount backface-hidden\">\n\t\t\t\t\t<figure class=\"w-100\" data-responsive-bg=\"true\">\n\t\t\t\t\t\t<img decoding=\"async\" width=\"700\" height=\"300\" src=\"data:image\/svg+xml;charset=utf-8,%3Csvg xmlns%3D&#039;http%3A%2F%2Fwww.w3.org%2F2000%2Fsvg&#039; viewBox%3D&#039;0 0 700 300&#039;%2F%3E\" class=\"w-100 invisible ld-lazyload\" alt=\"\" itemprop=\"image\" data-src=\"https:\/\/enyevent.com\/wp-content\/uploads\/2023\/05\/Enyevent_ibiza.jpeg\" data-srcset=\"https:\/\/enyevent.com\/wp-content\/uploads\/2023\/05\/Enyevent_ibiza.jpeg 700w, https:\/\/enyevent.com\/wp-content\/uploads\/2023\/05\/Enyevent_ibiza-300x129.jpeg 300w\" data-sizes=\"(max-width: 700px) 100vw, 700px\" data-aspect=\"2.3333333333333\" \/>\t\t\t\t\t<\/figure>\n\t\t\t\t\t<div class=\"lqd-fb-bg lqd-overlay\"><\/div>\n\t\t\t\t\t<div class=\"lqd-fb-hover-overlay lqd-overlay\"><\/div>\n\t\t\t\t<\/div>\n\n\t\t\t\t<div class=\"lqd-fb-content pos-abs pos-bl w-100 p-4 py-lg-7 px-lg-8 backface-hidden\">\n\n\t\t\t\t\t<span class=\"lqd-fb-icon d-flex mb-5\">\n\t\t\t\t\t\t<i class=\"fas fa-ship\"><\/i>\t\t\t\t\t<\/span>\n\n\t\t\t\t\t\t\t\t\t\t<h6 class=\"my-0 mb-3 font-weight-bold text-uppercase ltr-sp-2\">Actividades en Baleares<\/h6>\n\t\t\t\t\t\t\t\t\t\t\n\t\t\t\t\t\t\t\t\t\t<h2 class=\"lqd-fb-content-title my-0 mb-3 font-weight-bold\">Moverse por Ibiza<\/h2>\n\t\t\t\t\t\t\t\t\t\t\n\t\t\t\t\t\n\t\t\t\t<\/div>\n\n\t\t\t\t\n\t\t\t<\/div>\n\n\t\t<\/div>\n\n\t<\/div>\n<\/div><style>.ld_spacer_69ef922890957{height:30px;}@media (min-width: 992px) { .ld_spacer_69ef922890957{height:45px};}<\/style>\n<div class=\"ld-empty-space ld_spacer_69ef922890957\"><\/div><style>.ld_fancy_heading_69ef922890af6 h6 {margin-bottom:1.5em !important;  } .ld_fancy_heading_69ef922890af6 .lqd-highlight-inner{height:0.275em!important;bottom:0px!important;}.ld_fancy_heading_69ef922890af6 h6 {margin-bottom:1.5em !important;  } <\/style><div class=\"ld-fancy-heading ld_fancy_heading_69ef922890af6\">\n\t<h6 class=\"ld-fh-element lqd-highlight-underline lqd-highlight-grow-left text-decoration-default\"   >  <strong>Enyevent DMC le propone algunos viajes muy especiales para descubrir la belleza y diversidad de esta isla m\u00e1gica. Ibiza tiene mucho que mostrarle, tanto si viene por ocio como por negocios: hermosas playas, paisajes encantadores, historia y cultura, cocina tradicional y, por supuesto, una animada vida nocturna. En tierra firme encontrar\u00e1 pueblos blancos de sorprendente belleza, con sus propias plazas y caf\u00e9s, como Santa Gertrudis, San Jos\u00e9, San Rafael y San Carlos. Explore las estrechas callejuelas, visite el mercadillo hippie local de Las Dalias y disfrute de un relajante almuerzo en una terraza al aire libre.<\/strong><\/h6><\/div><style>.ld_fancy_heading_69ef922890d2c p {margin-bottom:1.5em !important;  } .ld_fancy_heading_69ef922890d2c .lqd-highlight-inner{height:0.275em!important;bottom:0px!important;}.ld_fancy_heading_69ef922890d2c p {margin-bottom:1.5em !important;  } <\/style><div class=\"ld-fancy-heading ld_fancy_heading_69ef922890d2c\">\n\t<p class=\"ld-fh-element lqd-highlight-underline lqd-highlight-grow-left text-decoration-default\"   >  Puedes empezar a conocer el rom\u00e1ntico castillo medieval de la ciudad de Ibiza, Dalt Vila, declarado Patrimonio de la Humanidad por la UNESCO, y explorar los estrechos callejones empedrados en la parte superior desde donde puedes admirar maravillosas vistas panor\u00e1micas. Usted puede venir a trav\u00e9s de los habitantes gitanos locales y aprovechar la oportunidad para ver muchos talleres de artistas agradables y pintorescas tiendas de regalos locales y boutiques de moda. La ciudad de Ibiza ofrece tambi\u00e9n muchas oportunidades tur\u00edsticas atractivas para disfrutar a pie de las plazas con terrazas y bares y cafeter\u00edas, tiendas locales y el paseo mar\u00edtimo a lo largo del puerto.<\/p>\n<p>Le sugerimos que tome el barco taxi desde la ciudad de Ibiza hasta Marina Botafoch, hogar de cruceros de lujo de los ricos y famosos, y bares de alta gama, restaurantes y clubes como Cappuccino, Blue Marlin, Lio y Pacha. Pasee por los muelles y disfrute de las impresionantes vistas de la puesta de sol mientras disfruta de un merecido gin-tonic.<\/p>\n<p>Si est\u00e1s de &#8216;humor de playa&#8217; y quieres permanecer al sur de la isla, te sugerimos que eches un vistazo a la famosa playa de Playa d&#8217;en Bossa, el tramo de arena m\u00e1s largo de la isla que ofrece deportes acu\u00e1ticos, instalaciones de playa y bares de moda; La playa de Las Salinas, m\u00e1s popular entre las celebridades y Sa Trinxa con su restaurante de playa fresca. Cala Jondal es una playa muy bonita y moderna, rodeada de pinos y acantilados irregulares y muy popular entre los propietarios de embarcaciones.<\/p><\/div><\/div><div id=\"lqd-1682098856421-82b74996-23ce\" role=\"tabpanel\" class=\"lqd-tabs-pane fade\"><style>.ld_fancy_heading_69ef922890f9d h5{color:#6ebb1f;}.ld_fancy_heading_69ef922890f9d h5 {font-size:25px; } .ld_fancy_heading_69ef922890f9d h5 {margin-bottom:1em !important;  } .ld_fancy_heading_69ef922890f9d .lqd-highlight-inner{height:0.275em!important;bottom:0px!important;}.ld_fancy_heading_69ef922890f9d h5 {font-size:25px; } .ld_fancy_heading_69ef922890f9d h5 {margin-bottom:1em !important;  } <\/style><div class=\"ld-fancy-heading ld_fancy_heading_69ef922890f9d\">\n\t<h5 class=\"ld-fh-element lqd-highlight-underline lqd-highlight-grow-left text-decoration-default\"   >  Moverse por Mallorca<\/h5><\/div><style>.ld_content_box_69ef92289119d .lqd-fb-bg{background:-webkit-linear-gradient(180deg, rgba(255, 255, 255, 0) 0%, rgba(24, 27, 49, 0.6) 100%);background:linear-gradient(180deg, rgba(255, 255, 255, 0) 0%, rgba(24, 27, 49, 0.6) 100%);}<\/style><div id=\"ld_content_box_69ef92289119d\" class=\"lqd-fb round h-pt-60 lqd-fb-style-6 pos-rel ld_content_box_69ef92289119d\" data-lqd-zindex=\"true\">\n\t<div class=\"lqd-fb-inner lqd-overlay\">\n\t\t\n\t\t<div class=\"lqd-fb-shadow\"><\/div>\n\n\t\t<div class=\"d-flex flex-wrap align-items-center lqd-overlay\" data-hover3d=\"true\">\n\n\t\t\t<div class=\"lqd-fb-content-wrap lqd-overlay flex-column align-items-end transform-style-3d backface-hidden will-change-transform\" data-stacking-factor=\"0.5\">\n\n\t\t\t\t<div class=\"lqd-fb-img lqd-overlay rount backface-hidden\">\n\t\t\t\t\t<figure class=\"w-100\" data-responsive-bg=\"true\">\n\t\t\t\t\t\t<img decoding=\"async\" width=\"700\" height=\"300\" src=\"data:image\/svg+xml;charset=utf-8,%3Csvg xmlns%3D&#039;http%3A%2F%2Fwww.w3.org%2F2000%2Fsvg&#039; viewBox%3D&#039;0 0 700 300&#039;%2F%3E\" class=\"w-100 invisible ld-lazyload\" alt=\"\" itemprop=\"image\" data-src=\"https:\/\/enyevent.com\/wp-content\/uploads\/2023\/05\/Enyevent__getting_around_mallorca.jpeg\" data-srcset=\"https:\/\/enyevent.com\/wp-content\/uploads\/2023\/05\/Enyevent__getting_around_mallorca.jpeg 700w, https:\/\/enyevent.com\/wp-content\/uploads\/2023\/05\/Enyevent__getting_around_mallorca-300x129.jpeg 300w\" data-sizes=\"(max-width: 700px) 100vw, 700px\" data-aspect=\"2.3333333333333\" \/>\t\t\t\t\t<\/figure>\n\t\t\t\t\t<div class=\"lqd-fb-bg lqd-overlay\"><\/div>\n\t\t\t\t\t<div class=\"lqd-fb-hover-overlay lqd-overlay\"><\/div>\n\t\t\t\t<\/div>\n\n\t\t\t\t<div class=\"lqd-fb-content pos-abs pos-bl w-100 p-4 py-lg-7 px-lg-8 backface-hidden\">\n\n\t\t\t\t\t<span class=\"lqd-fb-icon d-flex mb-5\">\n\t\t\t\t\t\t<i class=\"fas fa-umbrella-beach\"><\/i>\t\t\t\t\t<\/span>\n\n\t\t\t\t\t\t\t\t\t\t<h6 class=\"my-0 mb-3 font-weight-bold text-uppercase ltr-sp-2\">Actividades en Baleares<\/h6>\n\t\t\t\t\t\t\t\t\t\t\n\t\t\t\t\t\t\t\t\t\t<h2 class=\"lqd-fb-content-title my-0 mb-3 font-weight-bold\">Moverse por Mallorca<\/h2>\n\t\t\t\t\t\t\t\t\t\t\n\t\t\t\t\t\n\t\t\t\t<\/div>\n\n\t\t\t\t\n\t\t\t<\/div>\n\n\t\t<\/div>\n\n\t<\/div>\n<\/div><style>.ld_spacer_69ef922896b7b{height:30px;}@media (min-width: 992px) { .ld_spacer_69ef922896b7b{height:45px};}<\/style>\n<div class=\"ld-empty-space ld_spacer_69ef922896b7b\"><\/div><style>.ld_fancy_heading_69ef922896d1a h6 {margin-bottom:1em !important;  } .ld_fancy_heading_69ef922896d1a .lqd-highlight-inner{height:0.275em!important;bottom:0px!important;}.ld_fancy_heading_69ef922896d1a h6 {margin-bottom:1em !important;  } <\/style><div class=\"ld-fancy-heading ld_fancy_heading_69ef922896d1a\">\n\t<h6 class=\"ld-fh-element lqd-highlight-underline lqd-highlight-grow-left text-decoration-default\"   >  <\/p>\n<div id=\"intro\">\n<p><strong>Mallorca ofrece un amplio abanico de itinerarios y puntos de inter\u00e9s a quienes quieran profundizar en su cultura e historia. Del arte megal\u00edtico al otrora floreciente g\u00f3tico urbano, de las huellas del neoclasicismo italiano en palacetes y casas se\u00f1oriales al cautivador modernismo de formas arquitect\u00f3nicas org\u00e1nicas, Mallorca es un escaparate de todas las civilizaciones que en su d\u00eda conquistaron el Mediterr\u00e1neo.<\/strong><\/p>\n<\/div>\n<p><\/h6><\/div><style>.ld_fancy_heading_69ef922896f7c p {margin-bottom:1.5em !important;  } .ld_fancy_heading_69ef922896f7c .lqd-highlight-inner{height:0.275em!important;bottom:0px!important;}.ld_fancy_heading_69ef922896f7c p {margin-bottom:1.5em !important;  } <\/style><div class=\"ld-fancy-heading ld_fancy_heading_69ef922896f7c\">\n\t<p class=\"ld-fh-element lqd-highlight-underline lqd-highlight-grow-left text-decoration-default\"   >  El city tour de Palma te mostrar\u00e1 el castillo de Bellver y los sitios hist\u00f3ricos m\u00e1s importantes de la ciudad como la Catedral, el Palacio de Alusi\u00f3n, los ba\u00f1os \u00e1rabes, el mercado de pescado, la Lonja y el Consulado de Mar, el Parlamento, el Ayuntamiento y la Plaza Mayor Plaza principal de Palma. Barcos de pesca, pinares y palmeras complementan los monumentos m\u00e1s bellos.<\/p>\n<p>El mismo tour se sugiere a pie, alquilando una bicicleta o de una manera estimulante &#8211; en un scooter! Siempre estar\u00e1 guiado por un gu\u00eda multiling\u00fce oficial local. Cerveza local, sabrosas tapas o dulces \u00abensaimadas\u00bb son tentadores alicientes para hacer una pausa para un momento de relax en el camino.<\/p>\n<p>Realice un recorrido por los pueblos m\u00e1s bellos de Mallorca situados en el coraz\u00f3n de las monta\u00f1as de Tramontana (norte de Mallorca). Incluimos un buen viaje en tren al Puerto de S\u00f3ller (en funcionamiento desde 1912), la ciudad de Deia, y una visita a la famosa Cartuja y la antigua farmacia en Valldemossa. Descubre la Mallorca m\u00e1s tradicional: desde el t\u00edpico puerto pesquero de Andratx hasta una t\u00edpica \u00abgranja\u00bb mallorquina que hoy alberga un museo de la tradici\u00f3n mallorquina y talleres artesanales.<\/p>\n<p>Admira el hermoso paisaje de Formentora, donde destaca el mirador de \u00abEs Colomer\u00bb; toma un barco y viaja a lo largo de la costa hasta el Puerto de Pollen\u00e7a, llega a Alcudia y haz una parada en Binissalem: un hermoso pueblo interior conocido por su vino. Aqu\u00ed visitaremos una famosa bodega y degustaremos los vinos y productos de Mallorca.<\/p>\n<p>Un tour para los amantes de la naturaleza: Tomar un barco a Cabrera, visitar el Castillo (que data de 1410) y el Monumento a los prisioneros franceses, almorzar en la playa, y visitar la famosa cueva \u00abCova Blava\u00bb. Esta cueva de 40 metros de profundidad es una verdadera maravilla de la naturaleza.<\/p><\/div><\/div><div id=\"lqd-1682101131837-cc7a49bc-07e6\" role=\"tabpanel\" class=\"lqd-tabs-pane fade\"><style>.ld_fancy_heading_69ef922897221 h5{color:#6ebb1f;}.ld_fancy_heading_69ef922897221 h5 {font-size:25px; } .ld_fancy_heading_69ef922897221 h5 {margin-bottom:1em !important;  } .ld_fancy_heading_69ef922897221 .lqd-highlight-inner{height:0.275em!important;bottom:0px!important;}.ld_fancy_heading_69ef922897221 h5 {font-size:25px; } .ld_fancy_heading_69ef922897221 h5 {margin-bottom:1em !important;  } <\/style><div class=\"ld-fancy-heading ld_fancy_heading_69ef922897221\">\n\t<h5 class=\"ld-fh-element lqd-highlight-underline lqd-highlight-grow-left text-decoration-default\"   >  Regata de vela<\/h5><\/div><style>.ld_content_box_69ef9228973fb .lqd-fb-bg{background:-webkit-linear-gradient(180deg, rgba(255, 255, 255, 0) 0%, rgba(24, 27, 49, 0.6) 100%);background:linear-gradient(180deg, rgba(255, 255, 255, 0) 0%, rgba(24, 27, 49, 0.6) 100%);}<\/style><div id=\"ld_content_box_69ef9228973fb\" class=\"lqd-fb round h-pt-60 lqd-fb-style-6 pos-rel ld_content_box_69ef9228973fb\" data-lqd-zindex=\"true\">\n\t<div class=\"lqd-fb-inner lqd-overlay\">\n\t\t\n\t\t<div class=\"lqd-fb-shadow\"><\/div>\n\n\t\t<div class=\"d-flex flex-wrap align-items-center lqd-overlay\" data-hover3d=\"true\">\n\n\t\t\t<div class=\"lqd-fb-content-wrap lqd-overlay flex-column align-items-end transform-style-3d backface-hidden will-change-transform\" data-stacking-factor=\"0.5\">\n\n\t\t\t\t<div class=\"lqd-fb-img lqd-overlay rount backface-hidden\">\n\t\t\t\t\t<figure class=\"w-100\" data-responsive-bg=\"true\">\n\t\t\t\t\t\t<img decoding=\"async\" width=\"700\" height=\"300\" src=\"data:image\/svg+xml;charset=utf-8,%3Csvg xmlns%3D&#039;http%3A%2F%2Fwww.w3.org%2F2000%2Fsvg&#039; viewBox%3D&#039;0 0 700 300&#039;%2F%3E\" class=\"w-100 invisible ld-lazyload\" alt=\"\" itemprop=\"image\" data-src=\"https:\/\/enyevent.com\/wp-content\/uploads\/2023\/05\/Enyevent_sailing_regatta.jpeg\" data-srcset=\"https:\/\/enyevent.com\/wp-content\/uploads\/2023\/05\/Enyevent_sailing_regatta.jpeg 700w, https:\/\/enyevent.com\/wp-content\/uploads\/2023\/05\/Enyevent_sailing_regatta-300x129.jpeg 300w\" data-sizes=\"(max-width: 700px) 100vw, 700px\" data-aspect=\"2.3333333333333\" \/>\t\t\t\t\t<\/figure>\n\t\t\t\t\t<div class=\"lqd-fb-bg lqd-overlay\"><\/div>\n\t\t\t\t\t<div class=\"lqd-fb-hover-overlay lqd-overlay\"><\/div>\n\t\t\t\t<\/div>\n\n\t\t\t\t<div class=\"lqd-fb-content pos-abs pos-bl w-100 p-4 py-lg-7 px-lg-8 backface-hidden\">\n\n\t\t\t\t\t<span class=\"lqd-fb-icon d-flex mb-5\">\n\t\t\t\t\t\t<i class=\"fas fa-ship\"><\/i>\t\t\t\t\t<\/span>\n\n\t\t\t\t\t\t\t\t\t\t<h6 class=\"my-0 mb-3 font-weight-bold text-uppercase ltr-sp-2\">Actividades en Baleares<\/h6>\n\t\t\t\t\t\t\t\t\t\t\n\t\t\t\t\t\t\t\t\t\t<h2 class=\"lqd-fb-content-title my-0 mb-3 font-weight-bold\">Regata de vela<\/h2>\n\t\t\t\t\t\t\t\t\t\t\n\t\t\t\t\t\n\t\t\t\t<\/div>\n\n\t\t\t\t\n\t\t\t<\/div>\n\n\t\t<\/div>\n\n\t<\/div>\n<\/div><style>.ld_spacer_69ef922899539{height:30px;}@media (min-width: 992px) { .ld_spacer_69ef922899539{height:45px};}<\/style>\n<div class=\"ld-empty-space ld_spacer_69ef922899539\"><\/div><style>.ld_fancy_heading_69ef9228996d2 h6 {margin-bottom:1.5em !important;  } .ld_fancy_heading_69ef9228996d2 .lqd-highlight-inner{height:0.275em!important;bottom:0px!important;}.ld_fancy_heading_69ef9228996d2 h6 {margin-bottom:1.5em !important;  } <\/style><div class=\"ld-fancy-heading ld_fancy_heading_69ef9228996d2\">\n\t<h6 class=\"ld-fh-element lqd-highlight-underline lqd-highlight-grow-left text-decoration-default\"   >  <\/p>\n<div id=\"intro\">\n<div id=\"intro\">\n<p><strong>Sienta la adrenalina de una regata de vela con su equipo, en la que la diversi\u00f3n y las emociones se combinan con las visitas tur\u00edsticas y la relajaci\u00f3n para conseguir el d\u00eda de aventuras perfecto.<\/strong><\/p>\n<\/div>\n<\/div>\n<p><\/h6><\/div><style>.ld_fancy_heading_69ef92289991c p {margin-bottom:1.5em !important;  } .ld_fancy_heading_69ef92289991c .lqd-highlight-inner{height:0.275em!important;bottom:0px!important;}.ld_fancy_heading_69ef92289991c p {margin-bottom:1.5em !important;  } <\/style><div class=\"ld-fancy-heading ld_fancy_heading_69ef92289991c\">\n\t<p class=\"ld-fh-element lqd-highlight-underline lqd-highlight-grow-left text-decoration-default\"   >  Se pueden organizar regatas de vela en todas las Islas Baleares, sobre todo desde los puertos de Palma e Ibiza. Trabajando juntos para navegar los barcos a trav\u00e9s de los cursos, los miembros del equipo tendr\u00e1n diferentes roles y aprender\u00e1n a coordinar eficazmente sus esfuerzos para navegar con \u00e9xito a trav\u00e9s del curso. Se describir\u00e1n las distintas funciones necesarias dentro de cada equipo y se impartir\u00e1 una formaci\u00f3n completa antes de la regata, por lo que se trata de una actividad accesible a todos los niveles. Patrones expertos que han alcanzado un nivel de regata profesional garantizar\u00e1n su seguridad a bordo.<\/p>\n<p>La competici\u00f3n incluye toda la log\u00edstica, el barco del comit\u00e9 de regatas, las boyas y la autorizaci\u00f3n oficial de las autoridades portuarias.<\/p>\n<p>Adem\u00e1s de la emoci\u00f3n de la competici\u00f3n, ninguna salida al mar est\u00e1 completa sin un poco de relax, y las regatas de vela le garantizan tiempo para relajarse y empaparse de la belleza del entorno una vez finalizada la competici\u00f3n.<\/p>\n<p>Por qu\u00e9 no sentir la atracci\u00f3n de las olas y el esp\u00edritu del mar mientras navega codo con codo con su equipo en un evento n\u00e1utico para recordar. Se puede a\u00f1adir la marca corporativa a cualquier barco o uniforme de equipo, as\u00ed como banderas de pa\u00edses para una regata de vela internacional de mayor envergadura.<\/p>\n<p>Como en cualquier competici\u00f3n, nuestras regatas de vela terminan con una celebraci\u00f3n con champ\u00e1n, la entrega de trofeos y un merecido almuerzo local que incluye tapas, marisco o especialidades de arroz en el restaurante del puerto seleccionado.<\/p><\/div><\/div><div id=\"lqd-1683740968113-2fb560e2-11d8\" role=\"tabpanel\" class=\"lqd-tabs-pane fade\"><style>.ld_fancy_heading_69ef922899b97 h5{color:#6ebb1f;}.ld_fancy_heading_69ef922899b97 h5 {font-size:25px; } .ld_fancy_heading_69ef922899b97 h5 {margin-bottom:1em !important;  } .ld_fancy_heading_69ef922899b97 .lqd-highlight-inner{height:0.275em!important;bottom:0px!important;}.ld_fancy_heading_69ef922899b97 h5 {font-size:25px; } .ld_fancy_heading_69ef922899b97 h5 {margin-bottom:1em !important;  } <\/style><div class=\"ld-fancy-heading ld_fancy_heading_69ef922899b97\">\n\t<h5 class=\"ld-fh-element lqd-highlight-underline lqd-highlight-grow-left text-decoration-default\"   >  Tour en Segway<\/h5><\/div><style>.ld_content_box_69ef922899d78 .lqd-fb-bg{background:-webkit-linear-gradient(180deg, rgba(255, 255, 255, 0) 0%, rgba(24, 27, 49, 0.6) 100%);background:linear-gradient(180deg, rgba(255, 255, 255, 0) 0%, rgba(24, 27, 49, 0.6) 100%);}<\/style><div id=\"ld_content_box_69ef922899d78\" class=\"lqd-fb round h-pt-60 lqd-fb-style-6 pos-rel ld_content_box_69ef922899d78\" data-lqd-zindex=\"true\">\n\t<div class=\"lqd-fb-inner lqd-overlay\">\n\t\t\n\t\t<div class=\"lqd-fb-shadow\"><\/div>\n\n\t\t<div class=\"d-flex flex-wrap align-items-center lqd-overlay\" data-hover3d=\"true\">\n\n\t\t\t<div class=\"lqd-fb-content-wrap lqd-overlay flex-column align-items-end transform-style-3d backface-hidden will-change-transform\" data-stacking-factor=\"0.5\">\n\n\t\t\t\t<div class=\"lqd-fb-img lqd-overlay rount backface-hidden\">\n\t\t\t\t\t<figure class=\"w-100\" data-responsive-bg=\"true\">\n\t\t\t\t\t\t<img decoding=\"async\" width=\"700\" height=\"300\" src=\"data:image\/svg+xml;charset=utf-8,%3Csvg xmlns%3D&#039;http%3A%2F%2Fwww.w3.org%2F2000%2Fsvg&#039; viewBox%3D&#039;0 0 700 300&#039;%2F%3E\" class=\"w-100 invisible ld-lazyload\" alt=\"\" itemprop=\"image\" data-src=\"https:\/\/enyevent.com\/wp-content\/uploads\/2023\/05\/Enyevent_segways_baleares.jpeg\" data-srcset=\"https:\/\/enyevent.com\/wp-content\/uploads\/2023\/05\/Enyevent_segways_baleares.jpeg 700w, https:\/\/enyevent.com\/wp-content\/uploads\/2023\/05\/Enyevent_segways_baleares-300x129.jpeg 300w\" data-sizes=\"(max-width: 700px) 100vw, 700px\" data-aspect=\"2.3333333333333\" \/>\t\t\t\t\t<\/figure>\n\t\t\t\t\t<div class=\"lqd-fb-bg lqd-overlay\"><\/div>\n\t\t\t\t\t<div class=\"lqd-fb-hover-overlay lqd-overlay\"><\/div>\n\t\t\t\t<\/div>\n\n\t\t\t\t<div class=\"lqd-fb-content pos-abs pos-bl w-100 p-4 py-lg-7 px-lg-8 backface-hidden\">\n\n\t\t\t\t\t<span class=\"lqd-fb-icon d-flex mb-5\">\n\t\t\t\t\t\t\t\t\t\t\t<\/span>\n\n\t\t\t\t\t\t\t\t\t\t<h6 class=\"my-0 mb-3 font-weight-bold text-uppercase ltr-sp-2\">Actividades en Baleares<\/h6>\n\t\t\t\t\t\t\t\t\t\t\n\t\t\t\t\t\t\t\t\t\t<h2 class=\"lqd-fb-content-title my-0 mb-3 font-weight-bold\">Tour en Segway<\/h2>\n\t\t\t\t\t\t\t\t\t\t\n\t\t\t\t\t\n\t\t\t\t<\/div>\n\n\t\t\t\t\n\t\t\t<\/div>\n\n\t\t<\/div>\n\n\t<\/div>\n<\/div><style>.ld_spacer_69ef92289bd5d{height:30px;}@media (min-width: 992px) { .ld_spacer_69ef92289bd5d{height:45px};}<\/style>\n<div class=\"ld-empty-space ld_spacer_69ef92289bd5d\"><\/div><style>.ld_fancy_heading_69ef92289bef5 h6 {margin-bottom:1.5em !important;  } .ld_fancy_heading_69ef92289bef5 .lqd-highlight-inner{height:0.275em!important;bottom:0px!important;}.ld_fancy_heading_69ef92289bef5 h6 {margin-bottom:1.5em !important;  } <\/style><div class=\"ld-fancy-heading ld_fancy_heading_69ef92289bef5\">\n\t<h6 class=\"ld-fh-element lqd-highlight-underline lqd-highlight-grow-left text-decoration-default\"   >  <\/p>\n<div id=\"intro\">\n<div id=\"intro\">\n<p><strong>La isla de Mallorca ofrece diferentes formas de conocer la isla combinadas con una experiencia divertida, una de estas opciones son las rutas en Segway.<\/strong><\/p>\n<\/div>\n<\/div>\n<p><\/h6><\/div><style>.ld_fancy_heading_69ef92289c13b p {margin-bottom:1.5em !important;  } .ld_fancy_heading_69ef92289c13b .lqd-highlight-inner{height:0.275em!important;bottom:0px!important;}.ld_fancy_heading_69ef92289c13b p {margin-bottom:1.5em !important;  } <\/style><div class=\"ld-fancy-heading ld_fancy_heading_69ef92289c13b\">\n\t<p class=\"ld-fh-element lqd-highlight-underline lqd-highlight-grow-left text-decoration-default\"   >  Podr\u00e1 llegar a lugares a los que normalmente no llegar\u00eda a pie y tomar fotograf\u00edas de los monumentos y lugares de inter\u00e9s que vea por el camino. Los gu\u00edas informativos le llevar\u00e1n por las calles y le contar\u00e1n historias sobre la rica historia de las zonas y las impresionantes vistas que ver\u00e1 durante el viaje.<\/p>\n<p>Se puede recorrer una gran distancia en un tiempo relativamente corto, as\u00ed que no hay por qu\u00e9 preocuparse si tiene un itinerario ajetreado, ya que un recorrido en Segway le garantizar\u00e1 que no se perder\u00e1 ninguno de los puntos de referencia de la ciudad.<\/p>\n<p>Puede elegir entre rutas de 1 hora a 2h30 conduciendo por la playa de Palma, desde Can Pastilla hasta El Arenal; o seguir la Ruta Playa de Palma hasta Portixol y volver; o ir desde Playa de Palma, a Can Pastilla, Cala Estancia, Es Carnatge, Ciudad Jard\u00edn, Portixol, El Casco Antiguo de Palma, Parque del Mar, Dalt Murada, Catedral, parada en Museo Es Baluard para tomar algo, volviendo de nuevo a la playa.<\/p>\n<p>A las rutas cl\u00e1sicas se pueden a\u00f1adir gymkhanas especiales para grupos, paradas para tapear y muchas otras ideas de incentivos para una actividad hecha a medida.<\/p>\n<p>Los gu\u00edas de Segway le proporcionar\u00e1n instrucciones completas antes de comenzar la aventura y los Segways ecol\u00f3gicos son f\u00e1ciles de aprender y muy sencillos de utilizar. Si busca una forma memorable de descubrir una ciudad, un tour en Segway es una opci\u00f3n divertida y alternativa para su grupo.<\/p><\/div><\/div><div id=\"lqd-1683740953963-463441b7-27ca\" role=\"tabpanel\" class=\"lqd-tabs-pane fade\"><style>.ld_fancy_heading_69ef92289c3bc h5{color:#6ebb1f;}.ld_fancy_heading_69ef92289c3bc h5 {font-size:25px; } .ld_fancy_heading_69ef92289c3bc h5 {margin-bottom:1em !important;  } .ld_fancy_heading_69ef92289c3bc .lqd-highlight-inner{height:0.275em!important;bottom:0px!important;}.ld_fancy_heading_69ef92289c3bc h5 {font-size:25px; } .ld_fancy_heading_69ef92289c3bc h5 {margin-bottom:1em !important;  } <\/style><div class=\"ld-fancy-heading ld_fancy_heading_69ef92289c3bc\">\n\t<h5 class=\"ld-fh-element lqd-highlight-underline lqd-highlight-grow-left text-decoration-default\"   >  Actividades deportivas<\/h5><\/div><style>.ld_content_box_69ef92289c596 .lqd-fb-bg{background:-webkit-linear-gradient(180deg, rgba(255, 255, 255, 0) 0%, rgba(24, 27, 49, 0.6) 100%);background:linear-gradient(180deg, rgba(255, 255, 255, 0) 0%, rgba(24, 27, 49, 0.6) 100%);}<\/style><div id=\"ld_content_box_69ef92289c596\" class=\"lqd-fb round h-pt-60 lqd-fb-style-6 pos-rel ld_content_box_69ef92289c596\" data-lqd-zindex=\"true\">\n\t<div class=\"lqd-fb-inner lqd-overlay\">\n\t\t\n\t\t<div class=\"lqd-fb-shadow\"><\/div>\n\n\t\t<div class=\"d-flex flex-wrap align-items-center lqd-overlay\" data-hover3d=\"true\">\n\n\t\t\t<div class=\"lqd-fb-content-wrap lqd-overlay flex-column align-items-end transform-style-3d backface-hidden will-change-transform\" data-stacking-factor=\"0.5\">\n\n\t\t\t\t<div class=\"lqd-fb-img lqd-overlay rount backface-hidden\">\n\t\t\t\t\t<figure class=\"w-100\" data-responsive-bg=\"true\">\n\t\t\t\t\t\t<img decoding=\"async\" width=\"700\" height=\"300\" src=\"data:image\/svg+xml;charset=utf-8,%3Csvg xmlns%3D&#039;http%3A%2F%2Fwww.w3.org%2F2000%2Fsvg&#039; viewBox%3D&#039;0 0 700 300&#039;%2F%3E\" class=\"w-100 invisible ld-lazyload\" alt=\"\" itemprop=\"image\" data-src=\"https:\/\/enyevent.com\/wp-content\/uploads\/2023\/05\/Enyevent_sport_balearic.jpeg\" data-srcset=\"https:\/\/enyevent.com\/wp-content\/uploads\/2023\/05\/Enyevent_sport_balearic.jpeg 700w, https:\/\/enyevent.com\/wp-content\/uploads\/2023\/05\/Enyevent_sport_balearic-300x129.jpeg 300w\" data-sizes=\"(max-width: 700px) 100vw, 700px\" data-aspect=\"2.3333333333333\" \/>\t\t\t\t\t<\/figure>\n\t\t\t\t\t<div class=\"lqd-fb-bg lqd-overlay\"><\/div>\n\t\t\t\t\t<div class=\"lqd-fb-hover-overlay lqd-overlay\"><\/div>\n\t\t\t\t<\/div>\n\n\t\t\t\t<div class=\"lqd-fb-content pos-abs pos-bl w-100 p-4 py-lg-7 px-lg-8 backface-hidden\">\n\n\t\t\t\t\t<span class=\"lqd-fb-icon d-flex mb-5\">\n\t\t\t\t\t\t\t\t\t\t\t<\/span>\n\n\t\t\t\t\t\t\t\t\t\t<h6 class=\"my-0 mb-3 font-weight-bold text-uppercase ltr-sp-2\">Actividades en Baleares<\/h6>\n\t\t\t\t\t\t\t\t\t\t\n\t\t\t\t\t\t\t\t\t\t<h2 class=\"lqd-fb-content-title my-0 mb-3 font-weight-bold\">Actividades deportivas<\/h2>\n\t\t\t\t\t\t\t\t\t\t\n\t\t\t\t\t\n\t\t\t\t<\/div>\n\n\t\t\t\t\n\t\t\t<\/div>\n\n\t\t<\/div>\n\n\t<\/div>\n<\/div><style>.ld_spacer_69ef9228a3a9f{height:30px;}@media (min-width: 992px) { .ld_spacer_69ef9228a3a9f{height:45px};}<\/style>\n<div class=\"ld-empty-space ld_spacer_69ef9228a3a9f\"><\/div><style>.ld_fancy_heading_69ef9228a3c4c h6 {margin-bottom:1.5em !important;  } .ld_fancy_heading_69ef9228a3c4c .lqd-highlight-inner{height:0.275em!important;bottom:0px!important;}.ld_fancy_heading_69ef9228a3c4c h6 {margin-bottom:1.5em !important;  } <\/style><div class=\"ld-fancy-heading ld_fancy_heading_69ef9228a3c4c\">\n\t<h6 class=\"ld-fh-element lqd-highlight-underline lqd-highlight-grow-left text-decoration-default\"   >  <\/p>\n<div id=\"intro\">\n<div id=\"intro\">\n<p><strong>Las Islas Baleares concentran una enorme diversidad natural que permite el disfrute activo y aventurero. Para los viajes de incentivo, estas islas ofrecen espacios especialmente adaptados para la pr\u00e1ctica de carreras de orientaci\u00f3n, carreras a nado, actividades de resistencia y pesca&#8230;<\/strong><\/p>\n<\/div>\n<\/div>\n<p><\/h6><\/div><style>.ld_fancy_heading_69ef9228a3ec4 p {margin-bottom:1.5em !important;  } .ld_fancy_heading_69ef9228a3ec4 .lqd-highlight-inner{height:0.275em!important;bottom:0px!important;}.ld_fancy_heading_69ef9228a3ec4 p {margin-bottom:1.5em !important;  } <\/style><div class=\"ld-fancy-heading ld_fancy_heading_69ef9228a3ec4\">\n\t<p class=\"ld-fh-element lqd-highlight-underline lqd-highlight-grow-left text-decoration-default\"   >  Le ofrecemos una selecci\u00f3n de jornadas multiaventura en todas las Islas Baleares, porque queremos mostrarle estas islas de una forma \u00abactiva\u00bb, una combinaci\u00f3n perfecta entre turismo, naturaleza y deporte.<\/p>\n<p>Tambi\u00e9n puede optar por conocer las vistas de Mallorca realizando una de nuestras jornadas de senderismo, disponibles para todos los niveles, y los amantes de los paisajes costeros estar\u00e1n especialmente encantados.<\/p>\n<p>Puede practicar kayak o surf para descubrir la hermosa costa de Menorca, una actividad perfecta para apreciar los 25\u00b0 de temperatura del mar de los que goza la isla durante todo el a\u00f1o.<\/p>\n<p>O puede centrarse en una experiencia de medio d\u00eda en bicicleta de monta\u00f1a por los senderos costeros de Ibiza o Mallorca&#8230; \u00a1de usted depende alcanzar sus objetivos!<\/p>\n<p>Lo importante es divertirse y conocer esta hermosa zona natural, muy diferente de su tierra natal.<\/p><\/div><\/div><div id=\"lqd-1683740952915-6722374d-5781\" role=\"tabpanel\" class=\"lqd-tabs-pane fade\"><style>.ld_fancy_heading_69ef9228a4168 h5{color:#6ebb1f;}.ld_fancy_heading_69ef9228a4168 h5 {font-size:25px; } .ld_fancy_heading_69ef9228a4168 h5 {margin-bottom:1em !important;  } .ld_fancy_heading_69ef9228a4168 .lqd-highlight-inner{height:0.275em!important;bottom:0px!important;}.ld_fancy_heading_69ef9228a4168 h5 {font-size:25px; } .ld_fancy_heading_69ef9228a4168 h5 {margin-bottom:1em !important;  } <\/style><div class=\"ld-fancy-heading ld_fancy_heading_69ef9228a4168\">\n\t<h5 class=\"ld-fh-element lqd-highlight-underline lqd-highlight-grow-left text-decoration-default\"   >  Rally 4&#215;4 y Quads<\/h5><\/div><style>.ld_content_box_69ef9228a4346 .lqd-fb-bg{background:-webkit-linear-gradient(180deg, rgba(255, 255, 255, 0) 0%, rgba(24, 27, 49, 0.6) 100%);background:linear-gradient(180deg, rgba(255, 255, 255, 0) 0%, rgba(24, 27, 49, 0.6) 100%);}<\/style><div id=\"ld_content_box_69ef9228a4346\" class=\"lqd-fb round h-pt-60 lqd-fb-style-6 pos-rel ld_content_box_69ef9228a4346\" data-lqd-zindex=\"true\">\n\t<div class=\"lqd-fb-inner lqd-overlay\">\n\t\t\n\t\t<div class=\"lqd-fb-shadow\"><\/div>\n\n\t\t<div class=\"d-flex flex-wrap align-items-center lqd-overlay\" data-hover3d=\"true\">\n\n\t\t\t<div class=\"lqd-fb-content-wrap lqd-overlay flex-column align-items-end transform-style-3d backface-hidden will-change-transform\" data-stacking-factor=\"0.5\">\n\n\t\t\t\t<div class=\"lqd-fb-img lqd-overlay rount backface-hidden\">\n\t\t\t\t\t<figure class=\"w-100\" data-responsive-bg=\"true\">\n\t\t\t\t\t\t<img decoding=\"async\" width=\"700\" height=\"300\" src=\"data:image\/svg+xml;charset=utf-8,%3Csvg xmlns%3D&#039;http%3A%2F%2Fwww.w3.org%2F2000%2Fsvg&#039; viewBox%3D&#039;0 0 700 300&#039;%2F%3E\" class=\"w-100 invisible ld-lazyload\" alt=\"\" itemprop=\"image\" data-src=\"https:\/\/enyevent.com\/wp-content\/uploads\/2023\/05\/Enyevent_rally.jpeg\" data-srcset=\"https:\/\/enyevent.com\/wp-content\/uploads\/2023\/05\/Enyevent_rally.jpeg 700w, https:\/\/enyevent.com\/wp-content\/uploads\/2023\/05\/Enyevent_rally-300x129.jpeg 300w\" data-sizes=\"(max-width: 700px) 100vw, 700px\" data-aspect=\"2.3333333333333\" \/>\t\t\t\t\t<\/figure>\n\t\t\t\t\t<div class=\"lqd-fb-bg lqd-overlay\"><\/div>\n\t\t\t\t\t<div class=\"lqd-fb-hover-overlay lqd-overlay\"><\/div>\n\t\t\t\t<\/div>\n\n\t\t\t\t<div class=\"lqd-fb-content pos-abs pos-bl w-100 p-4 py-lg-7 px-lg-8 backface-hidden\">\n\n\t\t\t\t\t<span class=\"lqd-fb-icon d-flex mb-5\">\n\t\t\t\t\t\t<i class=\"fas fa-car-side\"><\/i>\t\t\t\t\t<\/span>\n\n\t\t\t\t\t\t\t\t\t\t<h6 class=\"my-0 mb-3 font-weight-bold text-uppercase ltr-sp-2\">Actividades en Baleares<\/h6>\n\t\t\t\t\t\t\t\t\t\t\n\t\t\t\t\t\t\t\t\t\t<h2 class=\"lqd-fb-content-title my-0 mb-3 font-weight-bold\">Rally 4x4 y Quads<\/h2>\n\t\t\t\t\t\t\t\t\t\t\n\t\t\t\t\t\n\t\t\t\t<\/div>\n\n\t\t\t\t\n\t\t\t<\/div>\n\n\t\t<\/div>\n\n\t<\/div>\n<\/div><style>.ld_spacer_69ef9228a64d7{height:30px;}@media (min-width: 992px) { .ld_spacer_69ef9228a64d7{height:45px};}<\/style>\n<div class=\"ld-empty-space ld_spacer_69ef9228a64d7\"><\/div><style>.ld_fancy_heading_69ef9228a6675 h6 {margin-bottom:1.5em !important;  } .ld_fancy_heading_69ef9228a6675 .lqd-highlight-inner{height:0.275em!important;bottom:0px!important;}.ld_fancy_heading_69ef9228a6675 h6 {margin-bottom:1.5em !important;  } <\/style><div class=\"ld-fancy-heading ld_fancy_heading_69ef9228a6675\">\n\t<h6 class=\"ld-fh-element lqd-highlight-underline lqd-highlight-grow-left text-decoration-default\"   >  <\/p>\n<div id=\"intro\">\n<p><strong>Descubra las maravillas del campo y sienta la descarga de adrenalina que se siente al acelerar junto a sus compa\u00f1eros de equipo en un \u00e9pico rally en 4&#215;4 o quad.<\/strong><\/p>\n<\/div>\n<p><\/h6><\/div><style>.ld_fancy_heading_69ef9228a68cc p {margin-bottom:1.5em !important;  } .ld_fancy_heading_69ef9228a68cc .lqd-highlight-inner{height:0.275em!important;bottom:0px!important;}.ld_fancy_heading_69ef9228a68cc p {margin-bottom:1.5em !important;  } <\/style><div class=\"ld-fancy-heading ld_fancy_heading_69ef9228a68cc\">\n\t<p class=\"ld-fh-element lqd-highlight-underline lqd-highlight-grow-left text-decoration-default\"   >  Se pueden organizar rallys que tengan lugar en muchos terrenos pintorescos y diversos, como en Mallorca o Menorca. Este tipo de actividad es una aventura inolvidable en cualquier tipo de viaje.<\/p>\n<p>Aquellos miembros del grupo a los que les guste demostrar sus habilidades en la carretera pueden ponerse al volante, mientras que otros miembros del equipo pueden tomar la iniciativa en las tareas que algunos rallies ofrecen a lo largo del camino, poniendo a prueba sus habilidades en actividades como el tiro con arco mientras recogen puntos para su equipo.<\/p>\n<p>Adem\u00e1s de acelerar el ritmo card\u00edaco, los rallies tambi\u00e9n pueden incorporar algo de tiempo para relajarse, con oportunidades para empaparse del magn\u00edfico entorno, as\u00ed como la opci\u00f3n de explorar lugares de inter\u00e9s como algunas playas o peque\u00f1os senderos.<\/p>\n<p>Para una aventura en equipo llena de acci\u00f3n dentro de la hermosa campi\u00f1a, los Rallyes 4&#215;4 y Quad en Mallorca o Menorca tienen todos los ingredientes para una excursi\u00f3n incre\u00edblemente divertida y memorable.<\/p><\/div><\/div><\/div>\n<\/div>\n[\/vc_column][\/vc_row]<\/p>\n","protected":false},"excerpt":{"rendered":"<p>[vc_row][vc_column][\/vc_column][\/vc_row]<\/p>\n","protected":false},"author":1,"featured_media":0,"parent":5243,"menu_order":0,"comment_status":"closed","ping_status":"closed","template":"","meta":{"footnotes":""},"class_list":["post-5304","page","type-page","status-publish","hentry"],"yoast_head":"<!-- This site is optimized with the Yoast SEO plugin v23.7 - https:\/\/yoast.com\/wordpress\/plugins\/seo\/ -->\n<title>Balearic Islands - Enyevent<\/title>\n<meta name=\"robots\" content=\"index, follow, max-snippet:-1, max-image-preview:large, max-video-preview:-1\" \/>\n<link rel=\"canonical\" href=\"https:\/\/enyevent.com\/es\/destinos\/balearic-islands\/\" \/>\n<meta property=\"og:locale\" content=\"es_ES\" \/>\n<meta property=\"og:type\" content=\"article\" \/>\n<meta property=\"og:title\" content=\"Balearic Islands - Enyevent\" \/>\n<meta property=\"og:description\" content=\"[vc_row][vc_column][\/vc_column][\/vc_row]\" \/>\n<meta property=\"og:url\" content=\"https:\/\/enyevent.com\/es\/destinos\/balearic-islands\/\" \/>\n<meta property=\"og:site_name\" content=\"Enyevent\" \/>\n<meta property=\"article:publisher\" content=\"https:\/\/www.facebook.com\/pages\/Enyevent-Solutions\/1429727033923570\" \/>\n<meta property=\"article:modified_time\" content=\"2024-03-18T21:31:57+00:00\" \/>\n<meta name=\"twitter:card\" content=\"summary_large_image\" \/>\n<meta name=\"twitter:site\" content=\"@EnyeventSL\" \/>\n<meta name=\"twitter:label1\" content=\"Tiempo de lectura\" \/>\n\t<meta name=\"twitter:data1\" content=\"20 minutos\" \/>\n<script type=\"application\/ld+json\" class=\"yoast-schema-graph\">{\"@context\":\"https:\/\/schema.org\",\"@graph\":[{\"@type\":\"WebPage\",\"@id\":\"https:\/\/enyevent.com\/es\/destinos\/balearic-islands\/\",\"url\":\"https:\/\/enyevent.com\/es\/destinos\/balearic-islands\/\",\"name\":\"Balearic Islands - Enyevent\",\"isPartOf\":{\"@id\":\"https:\/\/enyevent.com\/#website\"},\"datePublished\":\"2023-05-10T17:56:22+00:00\",\"dateModified\":\"2024-03-18T21:31:57+00:00\",\"breadcrumb\":{\"@id\":\"https:\/\/enyevent.com\/es\/destinos\/balearic-islands\/#breadcrumb\"},\"inLanguage\":\"es\",\"potentialAction\":[{\"@type\":\"ReadAction\",\"target\":[\"https:\/\/enyevent.com\/es\/destinos\/balearic-islands\/\"]}]},{\"@type\":\"BreadcrumbList\",\"@id\":\"https:\/\/enyevent.com\/es\/destinos\/balearic-islands\/#breadcrumb\",\"itemListElement\":[{\"@type\":\"ListItem\",\"position\":1,\"name\":\"Home\",\"item\":\"https:\/\/enyevent.com\/es\/\"},{\"@type\":\"ListItem\",\"position\":2,\"name\":\"Gesti\u00f3n de Destinos\",\"item\":\"https:\/\/enyevent.com\/es\/destinos\/\"},{\"@type\":\"ListItem\",\"position\":3,\"name\":\"Balearic Islands\"}]},{\"@type\":\"WebSite\",\"@id\":\"https:\/\/enyevent.com\/#website\",\"url\":\"https:\/\/enyevent.com\/\",\"name\":\"Enyevent\",\"description\":\"DMC Spain and France - Event planner in Spain and France\",\"publisher\":{\"@id\":\"https:\/\/enyevent.com\/#organization\"},\"potentialAction\":[{\"@type\":\"SearchAction\",\"target\":{\"@type\":\"EntryPoint\",\"urlTemplate\":\"https:\/\/enyevent.com\/?s={search_term_string}\"},\"query-input\":{\"@type\":\"PropertyValueSpecification\",\"valueRequired\":true,\"valueName\":\"search_term_string\"}}],\"inLanguage\":\"es\"},{\"@type\":\"Organization\",\"@id\":\"https:\/\/enyevent.com\/#organization\",\"name\":\"Enyevent\",\"url\":\"https:\/\/enyevent.com\/\",\"logo\":{\"@type\":\"ImageObject\",\"inLanguage\":\"es\",\"@id\":\"https:\/\/enyevent.com\/#\/schema\/logo\/image\/\",\"url\":\"https:\/\/enyevent.com\/wp-content\/uploads\/2023\/04\/logo-enyevent.png\",\"contentUrl\":\"https:\/\/enyevent.com\/wp-content\/uploads\/2023\/04\/logo-enyevent.png\",\"width\":226,\"height\":71,\"caption\":\"Enyevent\"},\"image\":{\"@id\":\"https:\/\/enyevent.com\/#\/schema\/logo\/image\/\"},\"sameAs\":[\"https:\/\/www.facebook.com\/pages\/Enyevent-Solutions\/1429727033923570\",\"https:\/\/x.com\/EnyeventSL\",\"https:\/\/www.instagram.com\/enyeventspaindmc\",\"http:\/\/www.youtube.com\/channel\/UCDehJbTpYupuXUgSye4jxjA\/about\"]}]}<\/script>\n<!-- \/ Yoast SEO plugin. -->","yoast_head_json":{"title":"Balearic Islands - Enyevent","robots":{"index":"index","follow":"follow","max-snippet":"max-snippet:-1","max-image-preview":"max-image-preview:large","max-video-preview":"max-video-preview:-1"},"canonical":"https:\/\/enyevent.com\/es\/destinos\/balearic-islands\/","og_locale":"es_ES","og_type":"article","og_title":"Balearic Islands - Enyevent","og_description":"[vc_row][vc_column][\/vc_column][\/vc_row]","og_url":"https:\/\/enyevent.com\/es\/destinos\/balearic-islands\/","og_site_name":"Enyevent","article_publisher":"https:\/\/www.facebook.com\/pages\/Enyevent-Solutions\/1429727033923570","article_modified_time":"2024-03-18T21:31:57+00:00","twitter_card":"summary_large_image","twitter_site":"@EnyeventSL","twitter_misc":{"Tiempo de lectura":"20 minutos"},"schema":{"@context":"https:\/\/schema.org","@graph":[{"@type":"WebPage","@id":"https:\/\/enyevent.com\/es\/destinos\/balearic-islands\/","url":"https:\/\/enyevent.com\/es\/destinos\/balearic-islands\/","name":"Balearic Islands - Enyevent","isPartOf":{"@id":"https:\/\/enyevent.com\/#website"},"datePublished":"2023-05-10T17:56:22+00:00","dateModified":"2024-03-18T21:31:57+00:00","breadcrumb":{"@id":"https:\/\/enyevent.com\/es\/destinos\/balearic-islands\/#breadcrumb"},"inLanguage":"es","potentialAction":[{"@type":"ReadAction","target":["https:\/\/enyevent.com\/es\/destinos\/balearic-islands\/"]}]},{"@type":"BreadcrumbList","@id":"https:\/\/enyevent.com\/es\/destinos\/balearic-islands\/#breadcrumb","itemListElement":[{"@type":"ListItem","position":1,"name":"Home","item":"https:\/\/enyevent.com\/es\/"},{"@type":"ListItem","position":2,"name":"Gesti\u00f3n de Destinos","item":"https:\/\/enyevent.com\/es\/destinos\/"},{"@type":"ListItem","position":3,"name":"Balearic Islands"}]},{"@type":"WebSite","@id":"https:\/\/enyevent.com\/#website","url":"https:\/\/enyevent.com\/","name":"Enyevent","description":"DMC Spain and France - Event planner in Spain and France","publisher":{"@id":"https:\/\/enyevent.com\/#organization"},"potentialAction":[{"@type":"SearchAction","target":{"@type":"EntryPoint","urlTemplate":"https:\/\/enyevent.com\/?s={search_term_string}"},"query-input":{"@type":"PropertyValueSpecification","valueRequired":true,"valueName":"search_term_string"}}],"inLanguage":"es"},{"@type":"Organization","@id":"https:\/\/enyevent.com\/#organization","name":"Enyevent","url":"https:\/\/enyevent.com\/","logo":{"@type":"ImageObject","inLanguage":"es","@id":"https:\/\/enyevent.com\/#\/schema\/logo\/image\/","url":"https:\/\/enyevent.com\/wp-content\/uploads\/2023\/04\/logo-enyevent.png","contentUrl":"https:\/\/enyevent.com\/wp-content\/uploads\/2023\/04\/logo-enyevent.png","width":226,"height":71,"caption":"Enyevent"},"image":{"@id":"https:\/\/enyevent.com\/#\/schema\/logo\/image\/"},"sameAs":["https:\/\/www.facebook.com\/pages\/Enyevent-Solutions\/1429727033923570","https:\/\/x.com\/EnyeventSL","https:\/\/www.instagram.com\/enyeventspaindmc","http:\/\/www.youtube.com\/channel\/UCDehJbTpYupuXUgSye4jxjA\/about"]}]}},"_links":{"self":[{"href":"https:\/\/enyevent.com\/es\/wp-json\/wp\/v2\/pages\/5304"}],"collection":[{"href":"https:\/\/enyevent.com\/es\/wp-json\/wp\/v2\/pages"}],"about":[{"href":"https:\/\/enyevent.com\/es\/wp-json\/wp\/v2\/types\/page"}],"author":[{"embeddable":true,"href":"https:\/\/enyevent.com\/es\/wp-json\/wp\/v2\/users\/1"}],"replies":[{"embeddable":true,"href":"https:\/\/enyevent.com\/es\/wp-json\/wp\/v2\/comments?post=5304"}],"version-history":[{"count":4,"href":"https:\/\/enyevent.com\/es\/wp-json\/wp\/v2\/pages\/5304\/revisions"}],"predecessor-version":[{"id":5678,"href":"https:\/\/enyevent.com\/es\/wp-json\/wp\/v2\/pages\/5304\/revisions\/5678"}],"up":[{"embeddable":true,"href":"https:\/\/enyevent.com\/es\/wp-json\/wp\/v2\/pages\/5243"}],"wp:attachment":[{"href":"https:\/\/enyevent.com\/es\/wp-json\/wp\/v2\/media?parent=5304"}],"curies":[{"name":"wp","href":"https:\/\/api.w.org\/{rel}","templated":true}]}}